{"id":5133,"date":"2019-11-11T21:36:31","date_gmt":"2019-11-11T20:36:31","guid":{"rendered":"https:\/\/www.coachingverband.it\/karin-fischnaller\/"},"modified":"2024-02-14T22:15:44","modified_gmt":"2024-02-14T21:15:44","slug":"karin-fischnaller","status":"publish","type":"page","link":"https:\/\/www.coachingverband.it\/it\/karin-fischnaller\/","title":{"rendered":"Karin Fischnaller"},"content":{"rendered":"<div class=\"wpb-content-wrapper\"><p>[vc_row][vc_column width=&#8221;1\/2&#8243;][vc_single_image image=&#8221;2973&#8243; img_size=&#8221;medium&#8221; alignment=&#8221;right&#8221; style=&#8221;vc_box_rounded&#8221;][\/vc_column][vc_column width=&#8221;1\/2&#8243;][vc_column_text css=&#8221;.vc_custom_1582220838425{padding-top: 20px !important;}&#8221;]<\/p>\n<h1>Karin Fischnaller<\/h1>\n<p style=\"text-align: left;\">I &#8211; 39042 Bressanone (BZ)<\/p>\n<p style=\"text-align: left;\">I &#8211; 39037 Rio di Pusteria (BZ)<\/p>\n<p style=\"text-align: left;\">Cellulare: +39 342 71 70 893<\/p>\n<p style=\"text-align: left;\"><a href=\"mailto:k.fischnaller@coachingverband.it?subject=Coachinganfrage\">k.fischnaller@coachingverband.it  <\/a><\/p>\n<p>[\/vc_column_text][\/vc_column][\/vc_row][vc_row css=&#8221;.vc_custom_1562154082483{margin-bottom: 30px !important;}&#8221;][vc_column width=&#8221;1\/2&#8243;][\/vc_column][vc_column width=&#8221;1\/12&#8243;][\/vc_column][vc_column width=&#8221;1\/12&#8243;][\/vc_column][vc_column width=&#8221;1\/12&#8243;][\/vc_column][vc_column width=&#8221;1\/12&#8243;][\/vc_column][vc_column width=&#8221;1\/12&#8243;][\/vc_column][vc_column width=&#8221;1\/12&#8243;][\/vc_column][\/vc_row][vc_row][vc_column width=&#8221;1\/2&#8243;][\/vc_column][vc_column width=&#8221;1\/2&#8243;][vc_btn title=&#8221;Contatta questo coach&#8221; style=&#8221;flat&#8221; color=&#8221;inverse&#8221; size=&#8221;lg&#8221; align=&#8221;center&#8221; i_type=&#8221;entypo&#8221; i_icon_entypo=&#8221;entypo-icon entypo-icon-mail&#8221; button_block=&#8221;true&#8221; add_icon=&#8221;true&#8221; custom_onclick=&#8221;true&#8221; css=&#8221;.vc_custom_1573504264236{padding-top: 0px !important;padding-bottom: 0px !important;}&#8221; link=&#8221;url:mailto%3Ak.fischnaller%40coachingverband.it%3Fsubject%3DCoachinganfrage|&#8221;][\/vc_column][\/vc_row][vc_row][vc_column][vc_text_separator title=&#8221;PROFILO DI QUESTO COACH&#8221;][\/vc_column][\/vc_row][vc_row][vc_column width=&#8221;1\/2&#8243;][vc_column_text fnt_family=&#8221;Roboto Condensed&#8221; fnt_size=&#8221;22&#8243; css=&#8221;.vc_custom_1552662603757{padding-top: 10px !important;padding-bottom: 10px !important;padding-left: 20px !important;background-color: #d05019 !important;}&#8221;]<\/p>\n<p style=\"color: #ffffff;\">Supporto con<\/p>\n<p>[\/vc_column_text][vc_column_text]<\/p>\n<ul>\n<li>Durante i miei 15 anni di lavoro per diverse aziende nei settori dell&#8217;architettura, dell&#8217;ingegneria e dell&#8217;immobiliare, ho acquisito familiarit\u00e0 con tutti gli aspetti dell&#8217;attivit\u00e0. I miei compiti spaziavano dal lavoro di segreteria, all&#8217;amministrazione, alla contabilit\u00e0 indipendente, all&#8217;amministrazione\/sviluppo del personale, allo sviluppo organizzativo e all&#8217;assistenza alla direzione.<\/li>\n<li>In seguito ho trascorso circa 5 anni in un istituto bancario altoatesino nel dipartimento di sviluppo del personale, dove ero responsabile della formazione e dello sviluppo interno ed esterno dei dipendenti ed ero responsabile del centro di formazione.<\/li>\n<li>Attualmente lavoro per un importante gruppo altoatesino di aziende del settore del legno come consulente specializzato per lo sviluppo del personale e dell&#8217;organizzazione e sono quindi il referente diretto delle aziende associate per le varie questioni relative al personale.<br \/>\nLe mie responsabilit\u00e0 comprendono le aree di reclutamento, marketing del personale e sviluppo del personale a livello di Gruppo.<\/li>\n<\/ul>\n<p>[\/vc_column_text][\/vc_column][vc_column width=&#8221;1\/2&#8243;][vc_column_text fnt_family=&#8221;Roboto Condensed&#8221; fnt_size=&#8221;22&#8243; css=&#8221;.vc_custom_1552662631692{padding-top: 10px !important;padding-bottom: 10px !important;padding-left: 20px !important;background-color: #d05019 !important;}&#8221;]<\/p>\n<p style=\"color: #ffffff;\">Gruppo target<\/p>\n<p>[\/vc_column_text][vc_column_text]<\/p>\n<ul>\n<li>Dirigenti<\/li>\n<li>Piccole e medie imprese<\/li>\n<li>Libero professionista<\/li>\n<li>Associazioni e club<\/li>\n<li>Organizzazioni non profit<\/li>\n<li>Privati<\/li>\n<\/ul>\n<p>[\/vc_column_text][\/vc_column][\/vc_row][vc_row][vc_column width=&#8221;1\/2&#8243;][vc_separator][vc_column_text fnt_family=&#8221;Roboto Condensed&#8221; fnt_size=&#8221;22&#8243; css=&#8221;.vc_custom_1552662677016{padding-top: 10px !important;padding-bottom: 10px !important;padding-left: 20px !important;background-color: #d05019 !important;}&#8221;]<\/p>\n<p style=\"color: #ffffff;\">Competenza<\/p>\n<p>[\/vc_column_text][vc_column_text]<\/p>\n<ul>\n<li>Qualifica professionale Business Coach<\/li>\n<li>Formazione in PNL e gestione dei conflitti<\/li>\n<li>Formazione per diventare formatore certificato (A)<\/li>\n<li>Ha studiato all&#8217;Universit\u00e0 del Danubio di Krems, diplomandosi come &#8220;Esperto accademico per l&#8217;ottimizzazione degli habitat&#8221;.<\/li>\n<li>Formazione Master Reiss Profile<\/li>\n<li>Formazione Master Luxx Profile<\/li>\n<li>Formazione di base sulla gestione dei progetti (ipma)<\/li>\n<li>Vari corsi di formazione e aggiornamento nelle aree della leadership, della comunicazione, della presentazione, dell&#8217;organizzazione, delle vendite e del marketing, dello sviluppo del personale e del reclutamento.<\/li>\n<li>Formazione dei maestri di coro<\/li>\n<\/ul>\n<p>[\/vc_column_text][\/vc_column][vc_column width=&#8221;1\/2&#8243;][vc_separator][vc_column_text fnt_family=&#8221;Roboto Condensed&#8221; fnt_size=&#8221;22&#8243; css=&#8221;.vc_custom_1552662697616{padding-top: 10px !important;padding-bottom: 10px !important;padding-left: 20px !important;background-color: #d05019 !important;}&#8221;]<\/p>\n<p style=\"color: #ffffff;\">Altre specializzazioni<\/p>\n<p>[\/vc_column_text][vc_column_text]<\/p>\n<ul>\n<li>diversi anni di esperienza professionale nel settore dell&#8217;architettura\/ingegneria e dell&#8217;immobiliare nei settori dell&#8217;assistenza alla direzione, dell&#8217;amministrazione del personale, dello sviluppo del personale\/organizzativo, della contabilit\u00e0, dell&#8217;amministrazione e della segreteria<\/li>\n<li>5 anni di esperienza professionale nel settore del personale\/sviluppo, responsabile dell&#8217;accademia di formazione e perfezionamento nel settore bancario<\/li>\n<li>6 anni di esperienza professionale nel campo dello sviluppo organizzativo\/personale, del marketing del personale e del recruiting nei settori dell&#8217;edilizia\/industria e dei servizi<\/li>\n<\/ul>\n<p>[\/vc_column_text][\/vc_column][\/vc_row]<\/p>\n<\/div>","protected":false},"excerpt":{"rendered":"<p>[vc_row][vc_column width=&#8221;1\/2&#8243;][vc_single_image image=&#8221;2973&#8243; img_size=&#8221;medium&#8221; alignment=&#8221;right&#8221; style=&#8221;vc_box_rounded&#8221;][\/vc_column][vc_column width=&#8221;1\/2&#8243;][vc_column_text css=&#8221;.vc_custom_1582220838425{padding-top: 20px !important;}&#8221;] Karin Fischnaller I &#8211; 39042 Bressanone (BZ) I &#8211; 39037 Rio di Pusteria (BZ) Cellulare: +39 342 71 70 893 k.fischnaller@coachingverband.it [\/vc_column_text][\/vc_column][\/vc_row][vc_row css=&#8221;.vc_custom_1562154082483{margin-bottom: 30px !important;}&#8221;][vc_column width=&#8221;1\/2&#8243;][\/vc_column][vc_column width=&#8221;1\/12&#8243;][\/vc_column][vc_column width=&#8221;1\/12&#8243;][\/vc_column][vc_column width=&#8221;1\/12&#8243;][\/vc_column][vc_column width=&#8221;1\/12&#8243;][\/vc_column][vc_column width=&#8221;1\/12&#8243;][\/vc_column][vc_column width=&#8221;1\/12&#8243;][\/vc_column][\/vc_row][vc_row][vc_column width=&#8221;1\/2&#8243;][\/vc_column][vc_column width=&#8221;1\/2&#8243;][vc_btn title=&#8221;Contatta questo coach&#8221; style=&#8221;flat&#8221; color=&#8221;inverse&#8221; size=&#8221;lg&#8221; align=&#8221;center&#8221; i_type=&#8221;entypo&#8221; i_icon_entypo=&#8221;entypo-icon entypo-icon-mail&#8221; button_block=&#8221;true&#8221; [&hellip;]<\/p>\n","protected":false},"author":5,"featured_media":0,"parent":0,"menu_order":0,"comment_status":"closed","ping_status":"closed","template":"","meta":{"footnotes":""},"class_list":["post-5133","page","type-page","status-publish"],"_links":{"self":[{"href":"https:\/\/www.coachingverband.it\/it\/wp-json\/wp\/v2\/pages\/5133","targetHints":{"allow":["GET"]}}],"collection":[{"href":"https:\/\/www.coachingverband.it\/it\/wp-json\/wp\/v2\/pages"}],"about":[{"href":"https:\/\/www.coachingverband.it\/it\/wp-json\/wp\/v2\/types\/page"}],"author":[{"embeddable":true,"href":"https:\/\/www.coachingverband.it\/it\/wp-json\/wp\/v2\/users\/5"}],"replies":[{"embeddable":true,"href":"https:\/\/www.coachingverband.it\/it\/wp-json\/wp\/v2\/comments?post=5133"}],"version-history":[{"count":3,"href":"https:\/\/www.coachingverband.it\/it\/wp-json\/wp\/v2\/pages\/5133\/revisions"}],"predecessor-version":[{"id":5136,"href":"https:\/\/www.coachingverband.it\/it\/wp-json\/wp\/v2\/pages\/5133\/revisions\/5136"}],"wp:attachment":[{"href":"https:\/\/www.coachingverband.it\/it\/wp-json\/wp\/v2\/media?parent=5133"}],"curies":[{"name":"wp","href":"https:\/\/api.w.org\/{rel}","templated":true}]}}